{"id":3,"date":"2025-11-28T15:32:08","date_gmt":"2025-11-28T15:32:08","guid":{"rendered":"https:\/\/palonaswiecakawa.pl\/?page_id=3"},"modified":"2025-12-11T08:49:57","modified_gmt":"2025-12-11T08:49:57","slug":"privacy-policy","status":"publish","type":"page","link":"https:\/\/palonaswiecakawa.pl\/?page_id=3","title":{"rendered":"Polityka prywatno\u015bci"},"content":{"rendered":"\t\t<div data-elementor-type=\"wp-page\" data-elementor-id=\"3\" class=\"elementor elementor-3\">\n\t\t\t\t<div class=\"elementor-element elementor-element-6f9157c e-flex e-con-boxed e-con e-parent\" data-id=\"6f9157c\" data-element_type=\"container\" data-e-type=\"container\">\n\t\t\t\t\t<div class=\"e-con-inner\">\n\t\t\t\t<div class=\"elementor-element elementor-element-350f059 elementor-widget elementor-widget-heading\" data-id=\"350f059\" data-element_type=\"widget\" data-e-type=\"widget\" data-widget_type=\"heading.default\">\n\t\t\t\t\t<h2 class=\"elementor-heading-title elementor-size-default\">Polityka prywatno\u015bci<\/h2>\t\t\t\t<\/div>\n\t\t\t\t\t<\/div>\n\t\t\t\t<\/div>\n\t\t<div class=\"elementor-element elementor-element-5cc183e2 e-flex e-con-boxed e-con e-parent\" data-id=\"5cc183e2\" data-element_type=\"container\" data-e-type=\"container\">\n\t\t\t\t\t<div class=\"e-con-inner\">\n\t\t\t\t<div class=\"elementor-element elementor-element-78360171 elementor-widget elementor-widget-text-editor\" data-id=\"78360171\" data-element_type=\"widget\" data-e-type=\"widget\" data-widget_type=\"text-editor.default\">\n\t\t\t\t\t\t\t\t\t\n<p class=\"p1\"><strong>Palona \u015awieca Kawa<\/strong><\/p>\n<p class=\"p1\">Ostatnia aktualizacja: 11.12.2025<\/p>\n<p class=\"p1\"><strong>1. Administrator danych<\/strong><\/p>\n<p class=\"p1\">Administratorem danych osobowych jest:<\/p>\n<p class=\"p1\">Agnieszka Wo\u017anialis<\/p>\n<p class=\"p1\">ul. Nowos\u0105decka 7, 16-400<\/p>\n<p class=\"p1\">e-mail: <a href=\"mailto:biuro@karbi.pl\"><span class=\"s1\">info@palonaswiecakawa.pl<\/span><\/a><\/p>\n<p class=\"p1\"><strong>2. Jakie dane zbieramy?<\/strong><\/p>\n<p class=\"p1\">W ramach korzystania z naszej strony internetowej, formularzy kontaktowych oraz kampanii reklamowych, mo\u017cemy przetwarza\u0107 nast\u0119puj\u0105ce dane:<\/p>\n<p class=\"p1\">Imi\u0119<\/p>\n<p class=\"p1\">Adres e-mail<\/p>\n<p class=\"p1\">Numer telefonu<\/p>\n<p class=\"p1\">Dane o u\u017cywaniu strony (adres IP, cookies, dane techniczne)<\/p>\n<p class=\"p1\"><strong>3. W jakim celu przetwarzamy dane?<\/strong><\/p>\n<p class=\"p1\">Kontakt w odpowiedzi na zapytanie<\/p>\n<p class=\"p1\">Przesy\u0142anie oferty handlowej<\/p>\n<p class=\"p1\">Realizacja wsp\u00f3\u0142pracy i wystawianie dokument\u00f3w ksi\u0119gowych<\/p>\n<p class=\"p1\">Marketing (remarketing, kampanie reklamowe)<\/p>\n<p class=\"p1\">Analiza statystyk i optymalizacja strony<\/p>\n<p class=\"p1\"><strong>4. Podstawa prawna przetwarzania<\/strong><\/p>\n<p class=\"p1\">Art. 6 ust. 1 lit. a RODO \u2013 zgoda<\/p>\n<p class=\"p1\">Art. 6 ust. 1 lit. b RODO \u2013 wykonanie umowy<\/p>\n<p class=\"p1\">Art. 6 ust. 1 lit. f RODO \u2013 uzasadniony interes administratora<\/p>\n<p class=\"p1\"><strong>5. Udost\u0119pnianie danych<\/strong><\/p>\n<p class=\"p1\">Dane mog\u0105 by\u0107 przekazywane:<\/p>\n<p class=\"p1\">Dostawcom IT i hostingu (np. Airtable, Make, Webflow)<\/p>\n<p class=\"p1\">Firmom ksi\u0119gowym i rozliczeniowym<\/p>\n<p class=\"p1\">Partnerom technologicznym realizuj\u0105cym projekty<\/p>\n<p class=\"p1\">Platformom reklamowym (np. Meta, Google)<\/p>\n<p class=\"p1\"><strong>6. Twoje prawa<\/strong><\/p>\n<p class=\"p1\">Masz prawo do:<\/p>\n<p class=\"p1\">Dost\u0119pu i poprawienia swoich danych<\/p>\n<p class=\"p1\">Usuni\u0119cia lub ograniczenia przetwarzania<\/p>\n<p class=\"p1\">Przeniesienia danych<\/p>\n<p class=\"p1\">Wniesienia sprzeciwu<\/p>\n<p class=\"p1\">Cofni\u0119cia zgody<\/p>\n<p class=\"p1\">W sprawach zwi\u0105zanych z danymi napisz na\u00a0<a href=\"mailto:kontakt@karbi.pl\"><span class=\"s1\">info@palonaswiecakawa.pl<\/span><\/a><\/p>\n<p class=\"p1\"><strong>7. Cookies<\/strong><\/p>\n<p class=\"p1\">Strona u\u017cywa plik\u00f3w cookies w celu:<\/p>\n<p class=\"p1\">Prawid\u0142owego dzia\u0142ania serwisu<\/p>\n<p class=\"p1\">Analizy ruchu (Google Analytics)<\/p>\n<p class=\"p1\">Remarketingu (np. Meta Pixel)<\/p>\n<p class=\"p1\">Mo\u017cesz zarz\u0105dza\u0107 cookies w ustawieniach przegl\u0105darki.<\/p>\n<p class=\"p1\"><strong>8. Okres przechowywania<\/strong><\/p>\n<p class=\"p1\">Dane przechowujemy:<\/p>\n<p class=\"p1\">Przez czas trwania wsp\u00f3\u0142pracy lub kontaktu<\/p>\n<p class=\"p1\">Zgodnie z obowi\u0105zuj\u0105cymi przepisami prawa<\/p>\n<p class=\"p1\">Do momentu wycofania zgody lub wniesienia sprzeciwu<\/p>\n<p class=\"p1\"><strong>9. Zmiany w polityce<\/strong><\/p>\n<p class=\"p1\">Zastrzegamy sobie prawo do zmian w tre\u015bci. Nowa wersja b\u0119dzie publikowana na stronie internetowej\u00a0<a href=\"http:\/\/karbi.pl\/\"><span class=\"s1\">palonaswiecakawa.pl<\/span><\/a><\/p>\t\t\t\t\t\t\t\t<\/div>\n\t\t\t\t\t<\/div>\n\t\t\t\t<\/div>\n\t\t\t\t<\/div>\n\t\t","protected":false},"excerpt":{"rendered":"<p>Polityka prywatno\u015bci Palona \u015awieca Kawa Ostatnia aktualizacja: 11.12.2025 1. Administrator danych Administratorem danych osobowych jest: Agnieszka Wo\u017anialis ul. Nowos\u0105decka 7, 16-400 e-mail: info@palonaswiecakawa.pl 2. Jakie dane zbieramy? W ramach korzystania z naszej strony internetowej, formularzy kontaktowych oraz kampanii reklamowych, mo\u017cemy przetwarza\u0107 nast\u0119puj\u0105ce dane: Imi\u0119 Adres e-mail Numer telefonu Dane o u\u017cywaniu strony (adres IP, cookies, [&hellip;]<\/p>\n","protected":false},"author":1,"featured_media":0,"parent":0,"menu_order":0,"comment_status":"closed","ping_status":"closed","template":"elementor_header_footer","meta":{"footnotes":""},"class_list":["post-3","page","type-page","status-publish","hentry"],"_links":{"self":[{"href":"https:\/\/palonaswiecakawa.pl\/index.php?rest_route=\/wp\/v2\/pages\/3","targetHints":{"allow":["GET"]}}],"collection":[{"href":"https:\/\/palonaswiecakawa.pl\/index.php?rest_route=\/wp\/v2\/pages"}],"about":[{"href":"https:\/\/palonaswiecakawa.pl\/index.php?rest_route=\/wp\/v2\/types\/page"}],"author":[{"embeddable":true,"href":"https:\/\/palonaswiecakawa.pl\/index.php?rest_route=\/wp\/v2\/users\/1"}],"replies":[{"embeddable":true,"href":"https:\/\/palonaswiecakawa.pl\/index.php?rest_route=%2Fwp%2Fv2%2Fcomments&post=3"}],"version-history":[{"count":5,"href":"https:\/\/palonaswiecakawa.pl\/index.php?rest_route=\/wp\/v2\/pages\/3\/revisions"}],"predecessor-version":[{"id":274,"href":"https:\/\/palonaswiecakawa.pl\/index.php?rest_route=\/wp\/v2\/pages\/3\/revisions\/274"}],"wp:attachment":[{"href":"https:\/\/palonaswiecakawa.pl\/index.php?rest_route=%2Fwp%2Fv2%2Fmedia&parent=3"}],"curies":[{"name":"wp","href":"https:\/\/api.w.org\/{rel}","templated":true}]}}